{"id":485,"date":"2018-06-16T12:43:28","date_gmt":"2018-06-16T12:43:28","guid":{"rendered":"http:\/\/www.asso-afig.fr\/site\/?page_id=485"},"modified":"2025-11-05T18:46:43","modified_gmt":"2025-11-05T16:46:43","slug":"actualite","status":"publish","type":"page","link":"https:\/\/www.asso-afig.fr\/site\/","title":{"rendered":"AFIG"},"content":{"rendered":"<div style=\"background-color: #3c3c3c; text-align: center; margin-bottom: 45px; border-radius: 10px;\"><a href=\"https:\/\/www.asso-afig.fr\/site\"><img decoding=\"async\" src=\"https:\/\/asso-afig.fr\/site\/wp-content\/uploads\/2017\/05\/cropped-logo_banner.png\" \/><\/a><\/div>\n<p><!--\n\n\n<div style=\"display:inline-block;max-width:600px;\">\n--><\/p>\n<p>L&#8217;<a href=\"https:\/\/www.asso-afig.fr\/site\"><strong>AFIG<\/strong><\/a> &#8211; Association Fran\u00e7aise d&#8217;Informatique Graphique &#8211; est une <a href=\"https:\/\/www.asso-afig.fr\/site\/description-de-lassociation-afig\/\">association scientifique \u00e0 but non lucratif<\/a>.<\/p>\n<p>L&#8217;objectif de l&#8217;AFIG est, dans les domaines connexes \u00e0 l&#8217;Informatique Graphique, de <strong>f\u00e9d\u00e9rer et d&#8217;animer la communaut\u00e9 scientifique<\/strong>, de <strong>diffuser<\/strong> les informations et \u00e9v\u00e8nements du domaine, de faciliter la <strong>mise en relation et l&#8217;interaction entre chercheurs<\/strong>, mais aussi entre <strong>industriels et la recherche<\/strong>.<\/p>\n<p>L&#8217;AFIG propose chaque ann\u00e9e la co-organisation des Journ\u00e9es d&#8217;Informatique Graphique (<a href=\"https:\/\/www.asso-afig.fr\/site\/les-journees-jfig\/\">j.Fig<\/a>). Au travers du site web, l&#8217;association recence des offres d&#8217;emplois, de th\u00e8ses, et de stage, propose une cartographie des centres de recherche, formations, et entreprises, et promeut les \u00e9v\u00e8nements majeurs du domaine.<\/p>\n<p>Les domaines scientifiques couverts par l&#8217;association se veulent larges et ouverts dans les th\u00e8mes de l&#8217;Informatique Graphique, et couvrent entre autres: le rendu d&#8217;image, la mod\u00e9lisation, l&#8217;animation, la g\u00e9om\u00e9trie algorithmique, la g\u00e9om\u00e9trie discr\u00e8te, la visualisation, les interfaces graphiques, etc.<br \/>\nLes applications qui d\u00e9coulent de ses domaines incluent le loisir num\u00e9rique tel que le cin\u00e9ma d&#8217;animation, les effets sp\u00e9ciaux, jeux vid\u00e9os et serious-game, ainsi que la CAO, la visualisation scientifique, l&#8217;imagerie m\u00e9dicale, la robotique, etc.<\/p>\n<p>L&#8217;association est form\u00e9e par ses membres adh\u00e9rents, \u00e0 titre individuel ou en tant qu&#8217;entit\u00e9 de recherche ou industrielle, et sa gestion est organis\u00e9e par son comit\u00e9 d&#8217;administration, \u00e9lu lui-m\u00eame par les membres. L&#8217;AFIG est une association ind\u00e9pendante, mais elle se coordonne et travaille en relation proche avec d&#8217;autres instances telles que les groupes de travail du CNRS: le GDR-IGRV (Informatique Graphique et R\u00e9alit\u00e9 Virtuelle), ainsi que le chapitre Fran\u00e7ais d&#8217;Eurographics EG-FR, et ACM SIGGRAPH Paris.<\/p>\n<h2>Laboratoires membres de l&#8217;AFIG<\/h2>\n<p><center><img loading=\"lazy\" decoding=\"async\" class=\"\" src=\"https:\/\/www.asso-afig.fr\/site\/wp-content\/uploads\/xlim.png\" width=\"143\" height=\"53\" \/> \u00a0       <img loading=\"lazy\" decoding=\"async\" class=\"\" src=\"https:\/\/www.asso-afig.fr\/site\/wp-content\/uploads\/inria.png\" width=\"201\" height=\"151\" \/> \u00a0       <img loading=\"lazy\" decoding=\"async\" class=\"\" src=\"https:\/\/www.asso-afig.fr\/site\/wp-content\/uploads\/irit.png\" width=\"99\" height=\"99\" \/> \u00a0        <img loading=\"lazy\" decoding=\"async\" class=\"\" src=\"https:\/\/www.asso-afig.fr\/site\/wp-content\/uploads\/logo-lix.png\" width=\"105\" height=\"94\" \/> \u00a0           <img loading=\"lazy\" decoding=\"async\" class=\"\" src=\"https:\/\/www.asso-afig.fr\/site\/wp-content\/uploads\/Logo-ICube.jpg\" width=\"171\" height=\"55\" \/>\u00a0 \u00a0 \u00a0     <img loading=\"lazy\" decoding=\"async\" class=\"\" src=\"https:\/\/www.asso-afig.fr\/site\/wp-content\/uploads\/logo_lib.png\" width=\"105\" height=\"69\" \/> \u00a0       <img loading=\"lazy\" decoding=\"async\" class=\"\" src=\"https:\/\/www.asso-afig.fr\/site\/wp-content\/uploads\/LICIIS.jpg\" width=\"213\" height=\"71\" \/> \u00a0          <img loading=\"lazy\" decoding=\"async\" class=\"\" src=\"https:\/\/www.asso-afig.fr\/site\/wp-content\/uploads\/LISIC.png\" width=\"231\" height=\"69\" \/> \u00a0 \u00a0        <img loading=\"lazy\" decoding=\"async\" class=\"\" src=\"https:\/\/www.asso-afig.fr\/site\/wp-content\/uploads\/logo_loria_complet.jpg\" width=\"187\" height=\"99\" \/> \u00a0          <img loading=\"lazy\" decoding=\"async\" class=\"\" src=\"https:\/\/www.asso-afig.fr\/site\/wp-content\/uploads\/liris.png\" width=\"181\" height=\"70\" \/>\u00a0 \u00a0 \u00a0    <img loading=\"lazy\" decoding=\"async\" class=\"\" src=\"https:\/\/www.asso-afig.fr\/site\/wp-content\/uploads\/logo_lurpa.png\" width=\"181\" height=\"70\" \/>\u00a0 \u00a0 \u00a0<!-- <img loading=\"lazy\" decoding=\"async\" class=\"\" src=\"https:\/\/www.lis-lab.fr\/wp-content\/themes\/lis\/images\/logo-lis-2024.svg\" width=\"121\" height=\"70\" \/>\u00a0-->           <img loading=\"lazy\" decoding=\"async\" class=\"\" src=\"https:\/\/www.univ-paris8.fr\/IMG\/svg\/logo-paris8.svg\" width=\"181\" height=\"70\" \/>\u00a0 \u00a0           <!-- <img loading=\"lazy\" decoding=\"async\" class=\"\" src=\"https:\/\/www.lirmm.fr\/wp-content\/uploads\/sites\/3\/2021\/04\/Logo-LIRMM-long_329x113.png\" width=\"201\" height=\"70\" \/>\u00a0 -->\u00a0 \u00a0      <img loading=\"lazy\" decoding=\"async\" class=\"\" src=\"https:\/\/univ-cotedazur.fr\/medias\/photo\/i3s-couleur_1698136478191-png\" width=\"201\" height=\"70\" \/><\/center><\/p>\n<h2>En savoir plus<\/h2>\n<div style=\"text-align: center;\">\n<div style=\"width: 50%; margin: auto; text-align: center; clear: both;\">\n<div class=\"wrapper_group_image\">\n<div class=\"element\"><a href=\"role\"><img loading=\"lazy\" decoding=\"async\" class=\"\" src=\"https:\/\/www.asso-afig.fr\/site\/wp-content\/uploads\/logo_afig_no_text.png\" width=\"137\" height=\"130\" \/><br \/>\nOrganisation de l&#8217;association<\/a><\/div>\n<div class=\"element\"><a href=\"la-liste-de-diffusion\"><img loading=\"lazy\" decoding=\"async\" class=\"\" src=\"https:\/\/www.asso-afig.fr\/site\/wp-content\/uploads\/email-envelope_original.jpg\" width=\"130\" height=\"130\" \/><br \/>\nLa liste de diffusion<\/a><\/div>\n<\/div>\n<\/div>\n<div style=\"color: gray; font-style: italic; text-align: center;\"><\/div>\n<h2>Collaboration<\/h2>\n<p>L&#8217;Afig est associ\u00e9e aux journ\u00e9es GRIVAPP pour promouvoir nos \u00e9v\u00e8nements.<\/p>\n<p><a href=\"https:\/\/grivapp.scitevents.org\/\"><br \/>\n<img decoding=\"async\" style=\"width: 80%;\" src=\"https:\/\/insticc.org\/images\/wise\/events\/4728\/banners\/web.png\" \/><br \/>\n<\/a><\/p>\n<\/div>\n","protected":false},"excerpt":{"rendered":"<p>L&#8217;AFIG &#8211; Association Fran\u00e7aise d&#8217;Informatique Graphique &#8211; est une association scientifique \u00e0 but non lucratif. L&#8217;objectif de l&#8217;AFIG est, dans les domaines connexes \u00e0 l&#8217;Informatique Graphique, de f\u00e9d\u00e9rer et d&#8217;animer &#8230;<\/p>\n","protected":false},"author":1,"featured_media":0,"parent":0,"menu_order":0,"comment_status":"closed","ping_status":"closed","template":"","meta":{"footnotes":""},"class_list":["post-485","page","type-page","status-publish","hentry"],"_links":{"self":[{"href":"https:\/\/www.asso-afig.fr\/site\/wp-json\/wp\/v2\/pages\/485"}],"collection":[{"href":"https:\/\/www.asso-afig.fr\/site\/wp-json\/wp\/v2\/pages"}],"about":[{"href":"https:\/\/www.asso-afig.fr\/site\/wp-json\/wp\/v2\/types\/page"}],"author":[{"embeddable":true,"href":"https:\/\/www.asso-afig.fr\/site\/wp-json\/wp\/v2\/users\/1"}],"replies":[{"embeddable":true,"href":"https:\/\/www.asso-afig.fr\/site\/wp-json\/wp\/v2\/comments?post=485"}],"version-history":[{"count":180,"href":"https:\/\/www.asso-afig.fr\/site\/wp-json\/wp\/v2\/pages\/485\/revisions"}],"predecessor-version":[{"id":1729,"href":"https:\/\/www.asso-afig.fr\/site\/wp-json\/wp\/v2\/pages\/485\/revisions\/1729"}],"wp:attachment":[{"href":"https:\/\/www.asso-afig.fr\/site\/wp-json\/wp\/v2\/media?parent=485"}],"curies":[{"name":"wp","href":"https:\/\/api.w.org\/{rel}","templated":true}]}}