{"id":218,"date":"2017-10-16T16:01:31","date_gmt":"2017-10-16T16:01:31","guid":{"rendered":"http:\/\/www.asso-afig.fr\/site\/?page_id=218"},"modified":"2026-03-06T14:55:55","modified_gmt":"2026-03-06T12:55:55","slug":"role","status":"publish","type":"page","link":"https:\/\/www.asso-afig.fr\/site\/actualite\/role\/","title":{"rendered":"CA et Organisation"},"content":{"rendered":"<h1>Organisation de l&#8217;AFIG<\/h1>\n<h2>Membres du CA<\/h2>\n<p>L&#8217;association est anim\u00e9e par les membres du CA.<\/p>\n<div class=\"ca\">\n<div class=\"member-entry\">\n<div class=\"member-picture\"><a href=\"https:\/\/www.maxime-maria.com\/\"><img decoding=\"async\" src=\"https:\/\/www.asso-afig.fr\/site\/wp-content\/uploads\/maxime_maria.jpeg\" \/><\/a><\/div>\n<div class=\"member-description\"><a href=\"https:\/\/www.maxime-maria.com\/\">Maxime MARIA<\/a><\/p>\n<div class=\"bureau\">Pr\u00e9sident<\/div>\n<div class=\"task\"><\/div>\n<\/div>\n<\/div>\n<div class=\"member-entry\">\n<div class=\"member-picture\"><a href=\"https:\/\/lib.u-bourgogne.fr\/en\/equipe\/roudet-celine-2\"><img decoding=\"async\" src=\"https:\/\/www.asso-afig.fr\/site\/wp-content\/uploads\/celine-roudet.jpg\" \/><\/a><\/div>\n<div class=\"member-description\"><a href=\"https:\/\/lib.u-bourgogne.fr\/en\/equipe\/roudet-celine-2\">C\u00e9line ROUDET<\/a><\/p>\n<div class=\"bureau\">Secr\u00e9taire<\/div>\n<div class=\"task\">Enseignement IG<\/div>\n<\/div>\n<\/div>\n<div class=\"member-entry\">\n<div class=\"member-picture\"><a href=\"https:\/\/zakworldoffacades.com\/speaker\/fares-belhadj\/\"><img decoding=\"async\" src=\"https:\/\/www.asso-afig.fr\/site\/wp-content\/uploads\/fares_belhadj.jpeg\" \/><\/a><\/div>\n<div class=\"member-description\"><a href=\"https:\/\/expreg.org\/amsi\/C\/\">Fares BELHADJ<\/a><\/p>\n<div class=\"bureau\">Tr\u00e9sorier<\/div>\n<\/div>\n<\/div>\n<div class=\"member-entry\">\n<div class=\"member-picture\"><a href=\"http:\/\/xlim-sic.labo.univ-poitiers.fr\/horna\"><img decoding=\"async\" src=\"https:\/\/www.asso-afig.fr\/site\/wp-content\/uploads\/Sebastien_Horna.jpg\" \/><\/a><\/div>\n<div class=\"member-description\"><a href=\"http:\/\/xlim-sic.labo.univ-poitiers.fr\/horna\">S\u00e9bastien HORNA<\/a><\/p>\n<div class=\"task\">Repr\u00e9sentant XLIM<\/div>\n<\/div>\n<\/div>\n<div class=\"member-entry\">\n<div class=\"member-picture\"><a href=\"https:\/\/zakworldoffacades.com\/speaker\/vincent-bachmatiuk\/\"><img decoding=\"async\" src=\"https:\/\/www.asso-afig.fr\/site\/wp-content\/uploads\/vincent_bachmatiuk.jpg\" \/><\/a><\/div>\n<div class=\"member-description\"><a href=\"https:\/\/zakworldoffacades.com\/speaker\/vincent-bachmatiuk\/\">Vincent BACHMATIUK<\/a><\/p>\n<div class=\"task\">Repr\u00e9sentant Industriel Saint-Gobain<\/div>\n<\/div>\n<\/div>\n<div class=\"member-entry\">\n<div class=\"member-picture\"><a href=\"https:\/\/perso.liris.cnrs.fr\/johanna.delanoy\"><img decoding=\"async\" src=\"https:\/\/www.asso-afig.fr\/site\/wp-content\/uploads\/johanna_delanoy.jpg\" \/><\/a><\/div>\n<div class=\"member-description\"><a href=\"https:\/\/perso.liris.cnrs.fr\/johanna.delanoy\">Johanna DELANOY<\/a><\/p>\n<div class=\"task\">Site web et Mailing list<\/div>\n<\/div>\n<\/div>\n<div class=\"member-entry\">\n<div class=\"member-picture\"><a href=\"https:\/\/webusers.i3s.unice.fr\/~fpayan\/\"><img decoding=\"async\" src=\"https:\/\/www.asso-afig.fr\/site\/wp-content\/uploads\/frederic_payan.jpg\" \/><\/a><\/div>\n<div class=\"member-description\"><a href=\"https:\/\/webusers.i3s.unice.fr\/~fpayan\/\">Fr\u00e9d\u00e9ric PAYAN<\/a><\/div>\n<\/div>\n<div class=\"member-entry\">\n<div class=\"member-picture\"><a href=\"https:\/\/members.loria.fr\/DSokolov\/\"><img decoding=\"async\" src=\"https:\/\/www.asso-afig.fr\/site\/wp-content\/uploads\/dmitry-sokolov.jpg\" \/><\/a><\/div>\n<div class=\"member-description\"><a href=\"https:\/\/members.loria.fr\/DSokolov\/\">Dmitry SOKOLOV<\/a><\/div>\n<\/div>\n<div class=\"member-entry\">\n<div class=\"member-picture\"><a href=\"https:\/\/www.dlyr.fr\/\"><img decoding=\"async\" src=\"https:\/\/www.asso-afig.fr\/site\/wp-content\/uploads\/david_vanderhaeghe.jpg\" \/><\/a><\/div>\n<div class=\"member-description\"><a href=\"https:\/\/www.dlyr.fr\/\">David VANDERHAEGHE<\/a><\/p>\n<div class=\"task\">Repr\u00e9sentant IRIT<\/div>\n<\/div>\n<\/div>\n<div class=\"member-entry\">\n<div class=\"member-picture\"><a href=\"https:\/\/www-sop.inria.fr\/members\/Adrien.Bousseau\/\"><img decoding=\"async\" src=\"https:\/\/www-sop.inria.fr\/members\/Adrien.Bousseau\/images\/photo.jpg\" \/><\/a><\/div>\n<div class=\"member-description\"><a href=\"https:\/\/www-sop.inria.fr\/members\/Adrien.Bousseau\/\">Adrien BOUSSEAU<\/a><\/p>\n<div class=\"task\"><\/div>\n<\/div>\n<\/div>\n<div class=\"member-entry\">\n<div class=\"member-picture\"><img decoding=\"async\" src=\"https:\/\/igg.icube.unistra.fr\/img_auth.php\/thumb\/4\/49\/Kraemer.jpg\/270px-Kraemer.jpg\" \/><\/div>\n<div class=\"member-description\"><a>Pierre KRAEMER<\/a><\/p>\n<div class=\"task\">Repr\u00e9sentant ICube<\/div>\n<\/div>\n<\/div>\n<div class=\"member-entry\">\n<div class=\"member-picture\"><a href=\"http:\/\/xlim-sic.labo.univ-poitiers.fr\/membres\/ncouri01\/\"><img decoding=\"async\" src=\"https:\/\/www.asso-afig.fr\/site\/wp-content\/uploads\/nicolas_courilleau-e1756475837948.jpg\n\" \/><\/a><\/div>\n<div class=\"member-description\"><a href=\"http:\/\/xlim-sic.labo.univ-poitiers.fr\/membres\/ncouri01\/\">Nicolas COURILLEAU<\/a><\/div>\n<\/div>\n<div class=\"member-entry\">\n<div class=\"member-picture\"><a href=\"https:\/\/pascalguehl.jimdofree.com\"><img \/><\/a><\/div>\n<div class=\"member-description\"><a href=\"https:\/\/pascalguehl.jimdofree.com\">Pascal GUEHL<\/a><\/div>\n<\/div>\n<\/div>\n<hr \/>\n<p><em>Historique de la <a href=\"https:\/\/www.asso-afig.fr\/site\/lassociation\/les-acteurs\/les-membres-du-ca\/membres-des-anciens-ca\">composition des CA<\/a> des ann\u00e9es pass\u00e9es.<\/em><\/p>\n<div style=\"height: 2.5em;\"><\/div>\n<h2>Membres institutionnels<\/h2>\n<p>Trois laboratoires sont \u00e9galement repr\u00e9sentants au CA en tant qu&#8217;institution:<\/p>\n<div class=\"institution_entry\">\n<div class=\"institution_logo\"><a href=\"https:\/\/www.irit.fr\/fr\/\"><img decoding=\"async\" src=\"https:\/\/www.asso-afig.fr\/site\/wp-content\/uploads\/irit.png\" \/><\/a><\/div>\n<div class=\"institution_description\">\n<div class=\"title\"><a href=\"https:\/\/www.loria.fr\/fr\/\">IRIT<\/a><\/div>\n<div class=\"fullname\">Institut de Recherche en Informatique de Toulouse.<\/div>\n<div class=\"equipe\">Equipe: <span class=\"equipe-name\">STORM<\/span><\/div>\n<div class=\"correspondant\">Correspondant: <span class=\"correspondant-name\">David Vanderhaeghe<\/span><\/div>\n<\/div>\n<\/div>\n<div class=\"institution_entry\">\n<div class=\"institution_logo\"><a href=\"https:\/\/icube.unistra.fr\"><img decoding=\"async\" src=\"https:\/\/www.asso-afig.fr\/site\/wp-content\/uploads\/Logo-ICube.jpg\" \/><\/a><\/div>\n<div class=\"institution_description\">\n<div class=\"title\"><a href=\"https:\/\/icube.unistra.fr\">ICube<\/a><\/div>\n<div class=\"fullname\">Laboratoire des sciences de l&#8217;ing\u00e9nieur, de l&#8217;informatique et de l&#8217;imagerie.<\/div>\n<div class=\"equipe\">Equipes: <span class=\"equipe-name\">IGG, IMAGeS, MLMS<\/span><\/div>\n<div class=\"correspondant\">Correspondant: <span class=\"correspondant-name\">Pierre KRAEMER<\/span><\/div>\n<\/div>\n<\/div>\n<div class=\"institution_entry\">\n<div class=\"institution_logo\"><a href=\"http:\/\/www.xlim.fr\/laboratoire\/presentation\"><img decoding=\"async\" src=\"https:\/\/www.asso-afig.fr\/site\/wp-content\/uploads\/xlim.png\" \/><\/a><\/div>\n<div class=\"institution_description\">\n<div class=\"title\"><a href=\"http:\/\/www.xlim.fr\/laboratoire\/presentation\">Xlim<\/a><\/div>\n<div class=\"fullname\">Laboratoire d&#8217;Informatique en Image et Syst\u00e8mes d&#8217;information.<\/div>\n<div class=\"equipe\">Equipes: <span class=\"equipe-name\">ASALI\/IG, ASALI\/SIR<\/span><\/div>\n<div class=\"correspondant\">Correspondant: <span class=\"correspondant-name\">Sebastien Horna<\/span><\/div>\n<\/div>\n<\/div>\n<div style=\"height: 2.5em;\"><\/div>\n<h2>Les partenaires<\/h2>\n<p>L&#8217;association travaille et se coordonne avec diff\u00e9rents partenaires tels que<\/p>\n<ul>\n<li style=\"list-style-type: none;\">\n<ul>\n<li>Les Groupes de Recherche du CNRS\n<ul>\n<li><a href=\"https:\/\/gdr-igrv.fr\/\">GDR IG-RV<\/a> &#8211; Informatique Graphique et R\u00e9alit\u00e9 Virtuelle et Visualisation.<\/li>\n<li><a href=\"https:\/\/www.gdr-im.fr\/\">GDR IM<\/a>: Informatique, Math\u00e9matique.<\/li>\n<li><a href=\"https:\/\/www.gdr-isis.fr\/\">GDR ISIS<\/a> : Information, Signal, Image et vision.<\/li>\n<\/ul>\n<\/li>\n<li>Les chapitres locaux d&#8217;associations internationales\n<ul>\n<li><a href=\"https:\/\/projet.liris.cnrs.fr\/egfr\/\">EGFR<\/a> : Le chapitre Fran\u00e7ais d&#8217;Eurographique.<\/li>\n<\/ul>\n<\/li>\n<\/ul>\n<\/li>\n<\/ul>\n<p><!--\n \t\n\n<li>ACM SIGGRAPH Paris : Le chapitre Fran\u00e7ais de l'ACM SIGGRAPH.<\/li>\n\n\n--><\/p>\n<ul>\n<li style=\"list-style-type: none;\"><\/li>\n<li>Les soci\u00e9t\u00e9s savantes Fran\u00e7aises\n<ul>\n<li><a href=\"https:\/\/www.societe-informatique-de-france.fr\/\">SIF<\/a> : Soci\u00e9t\u00e9 d&#8217;Informatique de France<\/li>\n<\/ul>\n<\/li>\n<li>Les Groupes de Travail du CNRS\n<ul>\n<li><a href=\"https:\/\/gtrendu.blogspot.com\/\">GT-Rendu<\/a><\/li>\n<li><a href=\"https:\/\/gdr-igrv.fr\/gts\/gt-rv\/\">GT-RV<\/a> : R\u00e9alit\u00e9 Virtuelle<\/li>\n<li><a href=\"https:\/\/gtmg.u-bourgogne.fr\/\">GT-MG<\/a> : Mod\u00e9lisation G\u00e9om\u00e9trique<\/li>\n<li><a href=\"https:\/\/gdr-igrv.fr\/gts\/gt-as\/\">GT-AS<\/a> : Animation et Simulation<\/li>\n<\/ul>\n<\/li>\n<li>Les associations sur des th\u00e8mes connexes\n<ul>\n<li><a href=\"https:\/\/www.afxr.org\/page\/1756926-accueil\">AFXR<\/a>: L&#8217;Association Fran\u00e7aise de R\u00e9alit\u00e9 Virtuelle, Augment\u00e9e, Mixte et d&#8217;Interaction 3D.<\/li>\n<\/ul>\n<\/li>\n<\/ul>\n<div style=\"height: 2.5em;\"><\/div>\n<h2>Statuts de l&#8217;AFIG<\/h2>\n<p>L&#8217;AFIG est une association (loi 1901).<\/p>\n<p>Le si\u00e8ge social de l&#8217;association est fix\u00e9 \u00e0<br \/>\n<em>AFIG &#8211; Association Fran\u00e7aise d&#8217;Informatique Graphique<br \/>\nLIRIS &#8211; UMR 5205<br \/>\nUniversit\u00e9 Claude Bernard Lyon 1<br \/>\nB\u00e2timent Nautibus<br \/>\n43, bd du 11 novembre 1918<br \/>\n69622 Vileurbanne Cedex<\/em><\/p>\n","protected":false},"excerpt":{"rendered":"<p>Organisation de l&#8217;AFIG Membres du CA L&#8217;association est anim\u00e9e par les membres du CA. Maxime MARIA Pr\u00e9sident C\u00e9line ROUDET Secr\u00e9taire Enseignement IG Fares BELHADJ Tr\u00e9sorier S\u00e9bastien HORNA Repr\u00e9sentant XLIM Vincent &#8230;<\/p>\n","protected":false},"author":1,"featured_media":0,"parent":485,"menu_order":0,"comment_status":"closed","ping_status":"closed","template":"","meta":{"footnotes":""},"class_list":["post-218","page","type-page","status-publish","hentry"],"_links":{"self":[{"href":"https:\/\/www.asso-afig.fr\/site\/wp-json\/wp\/v2\/pages\/218"}],"collection":[{"href":"https:\/\/www.asso-afig.fr\/site\/wp-json\/wp\/v2\/pages"}],"about":[{"href":"https:\/\/www.asso-afig.fr\/site\/wp-json\/wp\/v2\/types\/page"}],"author":[{"embeddable":true,"href":"https:\/\/www.asso-afig.fr\/site\/wp-json\/wp\/v2\/users\/1"}],"replies":[{"embeddable":true,"href":"https:\/\/www.asso-afig.fr\/site\/wp-json\/wp\/v2\/comments?post=218"}],"version-history":[{"count":173,"href":"https:\/\/www.asso-afig.fr\/site\/wp-json\/wp\/v2\/pages\/218\/revisions"}],"predecessor-version":[{"id":1783,"href":"https:\/\/www.asso-afig.fr\/site\/wp-json\/wp\/v2\/pages\/218\/revisions\/1783"}],"up":[{"embeddable":true,"href":"https:\/\/www.asso-afig.fr\/site\/wp-json\/wp\/v2\/pages\/485"}],"wp:attachment":[{"href":"https:\/\/www.asso-afig.fr\/site\/wp-json\/wp\/v2\/media?parent=218"}],"curies":[{"name":"wp","href":"https:\/\/api.w.org\/{rel}","templated":true}]}}